{"id":412,"date":"2023-07-11T16:35:13","date_gmt":"2023-07-11T22:35:13","guid":{"rendered":"https:\/\/mexicopacific.com\/esg\/corporate-responsibility-copy\/"},"modified":"2025-01-21T17:11:12","modified_gmt":"2025-01-21T23:11:12","slug":"corporate-responsibility","status":"publish","type":"page","link":"https:\/\/mexicopacific.com\/esp\/corporate-responsibility\/","title":{"rendered":"Responsabilidad corporativa"},"content":{"rendered":"<div id=\"cs-content\" class=\"cs-content\"><div class=\"x-section e412-e1 mbg-0 mbg-1 mbg-2\"><div class=\"x-row e412-e2 mbg-9 mbg-a mbg-b mbg-c mbg-d mbg-e mbg-f mbg-l mbg-m\"><div class=\"x-row-inner\"><div class=\"x-col e412-e3 mbg-v mbg-w mbg-x mbg-y mbg-z mbg-10\"><div class=\"x-bg\" aria-hidden=\"true\"><div class=\"x-bg-layer-upper-image\" data-x-element-bg-layer=\"{&quot;parallaxSize&quot;:&quot;150%&quot;,&quot;parallaxDir&quot;:&quot;v&quot;,&quot;parallaxRev&quot;:false}\"><\/div><\/div><div class=\"x-div e412-e4 mbg-1f mbg-1g mbg-1h back\"><div class=\"x-text x-text-headline e412-e5 mbg-1w mbg-1x\"><div class=\"x-text-content\"><div class=\"x-text-content-text\"><h1 class=\"x-text-content-text-primary\">Responsabilidad corporativa<\/h1>\n<\/div><\/div><\/div><\/div><div class=\"x-div e412-e6 mbg-1f mbg-1g mbg-1i mbg-1j mbg-1k mbg-1l mbg-1m mbg-1n mbg-6 mbg-7 .efecto x-effect-exit\" data-x-effect=\"{&quot;scroll&quot;:true,&quot;offsetTop&quot;:&quot;10%&quot;,&quot;offsetBottom&quot;:&quot;10%&quot;,&quot;behaviorScroll&quot;:&quot;fire-once&quot;,&quot;animationEnter&quot;:&quot;pulse&quot;,&quot;animationExit&quot;:&quot;swing&quot;}\"><div class=\"x-bg\" aria-hidden=\"true\"><div class=\"x-bg-layer-lower-image\" data-x-element-bg-layer=\"{&quot;parallaxSize&quot;:&quot;120%&quot;,&quot;parallaxDir&quot;:&quot;h&quot;,&quot;parallaxRev&quot;:false}\"><\/div><\/div><\/div><\/div><\/div><\/div><\/div><div class=\"x-section e412-e7 mbg-0 mbg-3 mbg-4\"><div class=\"x-row x-container max width e412-e8 mbg-9 mbg-a mbg-b mbg-c mbg-d mbg-e mbg-f mbg-l mbg-n\"><div class=\"x-row-inner\"><div class=\"x-col e412-e9 mbg-x mbg-11 mbg-12\"><div class=\"x-text x-content e412-e10 mbg-20 mbg-21 mbg-22 mbg-23 mbg-24 mbg-25\">Nuestro objetivo es mejorar las comunidades en las que trabajamos y vivimos, as\u00ed como el mundo en general. A veces, esto requiere una mayor inversi\u00f3n, y estamos de acuerdo con ello. Se trata de tomar las decisiones correctas hoy para asegurar un mejor ma\u00f1ana.<\/div><div class=\"x-text x-content e412-e11 mbg-23 mbg-24 mbg-25 mbg-26 mbg-27\"><p>Nuestro compromiso de operar de forma que se minimice nuestro impacto, nos impulsa a garantizar una contribuci\u00f3n positiva al medio ambiente, a las comunidades locales y al mundo en general.<\/p>\n<p>Estamos alineados con los Objetivos de Desarrollo Sostenible de las Naciones Unidas, que reconocen \"que poner fin a la pobreza y a otras privaciones debe ir de la mano de estrategias que mejoren la salud y la educaci\u00f3n, reduzcan la desigualdad y estimulen el crecimiento econ\u00f3mico, al tiempo que se aborda el cambio clim\u00e1tico y, se trabaja para preservar nuestros oc\u00e9anos y bosques\".<\/p><\/div><\/div><\/div><\/div><\/div><div class=\"x-section e412-e12 mbg-0 mbg-2 mbg-4 mbg-5\"><div class=\"x-row e412-e13 mbg-9 mbg-a mbg-b mbg-d mbg-e mbg-g mbg-l mbg-o\"><div class=\"x-row-inner\"><div class=\"x-col e412-e14 mbg-x mbg-y\"><div class=\"x-row x-container max width e412-e15 mbg-9 mbg-a mbg-b mbg-c mbg-d mbg-e mbg-f mbg-l mbg-p\"><div class=\"x-row-inner\"><div class=\"x-col e412-e16 mbg-x mbg-12 mbg-13\"><div class=\"x-text x-text-headline e412-e17 mbg-1x mbg-1y\"><div class=\"x-text-content\"><div class=\"x-text-content-text\"><h1 class=\"x-text-content-text-primary\">Clima<\/h1>\n<\/div><\/div><\/div><div class=\"x-text x-content e412-e18 mbg-20 mbg-21 mbg-23 mbg-24 mbg-25 mbg-27 mbg-28\"><p style=\"font-weight: 400;\"><span>Tambi\u00e9n reconocemos la importancia de identificar, evaluar y gestionar los riesgos y oportunidades relacionados con el clima. Las evaluaciones de riesgo clim\u00e1tico a nivel de activos proporcionan una manera pr\u00e1ctica de comprender los riesgos relacionados con el clima y problemas comunes en toda la organizaci\u00f3n. En Mexico Pacific, hemos trabajado con un destacado consultor de sostenibilidad para revisar el impacto de los problemas clim\u00e1ticos en nuestros activos durante la construcci\u00f3n y operaci\u00f3n. <\/span><\/p>\n<p style=\"font-weight: 400;\"><span>Los riesgos relacionados con el clima (tanto los riesgos f\u00edsicos como los de transici\u00f3n) se evaluaron mediante an\u00e1lisis basados en escenarios. Tambi\u00e9n hemos completado un exhaustivo ejercicio de Evaluaci\u00f3n de Riesgo de Cambio Clim\u00e1tico (CCRA, por sus siglas en ingl\u00e9s) basado en pautas aplicables, que incluyen los Principios del Ecuador (EP) y el Grupo de Trabajo sobre Divulgaci\u00f3n de Informaci\u00f3n Financiera Relacionada con el Clima (TCFD, por sus siglas en ingl\u00e9s).<\/span><\/p><\/div><\/div><\/div><\/div><\/div><\/div><\/div><div class=\"x-row e412-e19 mbg-9 mbg-b mbg-c mbg-h mbg-i mbg-j mbg-q mbg-r\"><div class=\"x-row-inner\"><div class=\"x-col e412-e20 mbg-x mbg-14 mbg-15 mbg-16 mbg-17\"><div class=\"x-div e412-e21 mbg-1f mbg-1g mbg-1n mbg-1o\"><div class=\"x-text x-content e412-e22 mbg-20 mbg-21 mbg-23 mbg-24 mbg-25 mbg-27 mbg-28\"><p style=\"font-weight: 400;\">El CCRA clim\u00e1tico abord\u00f3 los riesgos f\u00edsicos y de transici\u00f3n actuales y anticipados de las operaciones del Proyecto.<\/p>\n<p style=\"font-weight: 400;\">La evaluaci\u00f3n se alinea con la gu\u00eda del Grupo de Trabajo sobre Divulgaciones Relacionadas con el Clima (TCFD, por sus siglas en ingl\u00e9s) de las siguientes maneras:<\/p><\/div><ul class=\"x-row e412-e23 mbg-9 mbg-c mbg-d mbg-e mbg-h mbg-k mbg-s\"><div class=\"x-row-inner\"><li class=\"x-col e412-e24 mbg-v mbg-x mbg-y mbg-18\"><figure class=\"x-div e412-e25 mbg-1f mbg-1g mbg-1n mbg-1p\"><i class=\"x-icon e412-e26 mbg-2d\" aria-hidden=\"true\" data-x-icon-s=\"&#xf45c;\"><\/i><\/figure><div class=\"x-div e412-e27 mbg-1g mbg-1m mbg-1n mbg-1q mbg-7 mbg-8 x-effect-exit\" data-x-effect=\"{&quot;scroll&quot;:true,&quot;offsetTop&quot;:&quot;10%&quot;,&quot;offsetBottom&quot;:&quot;15%&quot;,&quot;behaviorScroll&quot;:&quot;fire-once&quot;}\"><div class=\"x-text x-content e412-e28 mbg-23 mbg-24 mbg-26 mbg-27 mbg-29\"><div><span lang=\"EN\">Incluye m\u00faltiples escenarios clim\u00e1ticos futuros: SSP1 RCP2.6, un escenario de menor emisi\u00f3n de carbono, y SSP5RCP8.5, un escenario de mayor emisi\u00f3n de carbono, utilizando cuatro modelos empleados para las proyecciones del cambio clim\u00e1tico*;<\/span><\/div><\/div><\/div><\/li><li class=\"x-col e412-e29 mbg-v mbg-x mbg-y mbg-18\"><figure class=\"x-div e412-e30 mbg-1f mbg-1g mbg-1n mbg-1p\"><i class=\"x-icon e412-e31 mbg-2d\" aria-hidden=\"true\" data-x-icon-s=\"&#xf45c;\"><\/i><\/figure><div class=\"x-div e412-e32 mbg-1g mbg-1m mbg-1n mbg-1q mbg-7 mbg-8 x-effect-exit\" data-x-effect=\"{&quot;scroll&quot;:true,&quot;offsetTop&quot;:&quot;10%&quot;,&quot;offsetBottom&quot;:&quot;15%&quot;,&quot;behaviorScroll&quot;:&quot;fire-once&quot;}\"><div class=\"x-text x-content e412-e33 mbg-23 mbg-24 mbg-26 mbg-27 mbg-29\"><p style=\"font-weight: 400;\">Emplea tres horizontes de tiempo: corto plazo (actualidad - 2027), mediano plazo (2027-2040) y largo plazo (2040-2060), los cuales se alinean con las fases clave del Proyecto;<\/p><\/div><\/div><\/li><li class=\"x-col e412-e34 mbg-v mbg-x mbg-y mbg-18\"><figure class=\"x-div e412-e35 mbg-1f mbg-1g mbg-1n mbg-1p\"><i class=\"x-icon e412-e36 mbg-2d\" aria-hidden=\"true\" data-x-icon-s=\"&#xf45c;\"><\/i><\/figure><div class=\"x-div e412-e37 mbg-1g mbg-1m mbg-1n mbg-1q mbg-7 mbg-8 x-effect-exit\" data-x-effect=\"{&quot;scroll&quot;:true,&quot;offsetTop&quot;:&quot;10%&quot;,&quot;offsetBottom&quot;:&quot;15%&quot;,&quot;behaviorScroll&quot;:&quot;fire-once&quot;}\"><div class=\"x-text x-content e412-e38 mbg-23 mbg-24 mbg-26 mbg-27 mbg-29\"><div><span lang=\"EN\">Considera riesgos clim\u00e1ticos f\u00edsicos, tanto agudos como cr\u00f3nicos;<\/span><\/div><\/div><\/div><\/li><li class=\"x-col e412-e39 mbg-v mbg-x mbg-y mbg-18\"><figure class=\"x-div e412-e40 mbg-1f mbg-1g mbg-1n mbg-1p\"><i class=\"x-icon e412-e41 mbg-2d\" aria-hidden=\"true\" data-x-icon-s=\"&#xf45c;\"><\/i><\/figure><div class=\"x-div e412-e42 mbg-1g mbg-1m mbg-1n mbg-1q mbg-7 mbg-8 x-effect-exit\" data-x-effect=\"{&quot;scroll&quot;:true,&quot;offsetTop&quot;:&quot;10%&quot;,&quot;offsetBottom&quot;:&quot;15%&quot;,&quot;behaviorScroll&quot;:&quot;fire-once&quot;}\"><div class=\"x-text x-content e412-e43 mbg-23 mbg-24 mbg-26 mbg-27 mbg-29\"><p style=\"font-weight: 400;\">Considera la probabilidad, gravedad y riesgo del peligro dado, tanto antes como despu\u00e9s de la mitigaci\u00f3n.<\/p><\/div><\/div><\/li><\/div><\/ul><div class=\"x-text x-content e412-e44 mbg-21 mbg-23 mbg-24 mbg-25 mbg-27 mbg-28 mbg-2a\"><p style=\"font-weight: 400;\">Se evaluaron once peligros clim\u00e1ticos, con mapas de calor proporcionados, para determinar la probabilidad, gravedad y riesgo del evento clim\u00e1tico peligroso dado (antes y despu\u00e9s de la mitigaci\u00f3n). No se evaluaron riesgos f\u00edsicos como significativos o mayores para las operaciones del Proyecto*.<\/p><\/div><div class=\"x-text x-content e412-e45 mbg-20 mbg-21 mbg-23 mbg-24 mbg-25 mbg-28 mbg-2b\"><p style=\"font-weight: 400;\"><span style=\"font-weight: 400;\">*INECC, 2022<\/span><\/p><\/div><\/div><\/div><div class=\"x-col e412-e46 mbg-x mbg-y mbg-z mbg-19 mbg-1a\"><div class=\"x-bg\" aria-hidden=\"true\"><div class=\"x-bg-layer-upper-image\"><\/div><\/div><div class=\"x-div e412-e47 mbg-1f mbg-1g mbg-1i mbg-1k mbg-1l mbg-1m mbg-1n mbg-1r mbg-1s aqua1g-lb\"><div class=\"x-div e412-e48 mbg-1f mbg-1g mbg-1i mbg-1m mbg-1n mbg-1s mbg-1t\"><div class=\"x-text x-content e412-e49 mbg-23 mbg-25 mbg-26 mbg-27 mbg-2c\"><p>Photo credit: by Katya Barrantes<\/p><\/div><\/div><\/div><\/div><\/div><\/div><\/div><div class=\"x-section e412-e50 mbg-0 mbg-2 mbg-4 mbg-5\"><div class=\"x-row e412-e51 mbg-9 mbg-b mbg-c mbg-d mbg-h mbg-j mbg-q mbg-t\"><div class=\"x-row-inner\"><div class=\"x-col e412-e52 mbg-x mbg-y mbg-z mbg-10 mbg-19 mbg-1b\"><div class=\"x-bg\" aria-hidden=\"true\"><div class=\"x-bg-layer-upper-image\"><\/div><\/div><div class=\"x-div e412-e53 mbg-1f mbg-1g mbg-1i mbg-1m mbg-1n mbg-1u greeng-rt\"><\/div><\/div><div class=\"x-col e412-e54 mbg-x mbg-15 mbg-17 mbg-1c\"><div class=\"x-text x-text-headline e412-e55 mbg-1x mbg-1y\"><div class=\"x-text-content\"><div class=\"x-text-content-text\"><h1 class=\"x-text-content-text-primary\">Aprovechando el gas natural de combusti\u00f3n m\u00e1s limpia para reducir las emisiones globales<\/h1>\n<\/div><\/div><\/div><div class=\"x-text x-text-headline e412-e56 mbg-1x mbg-1z\"><div class=\"x-text-content\"><div class=\"x-text-content-text\"><h1 class=\"x-text-content-text-primary\">El gas natural tiene un papel crucial en la b\u00fasqueda mundial de un futuro energ\u00e9tico m\u00e1s limpio. En Mexico Pacific, nuestra filosof\u00eda de desarrollo est\u00e1 alineada con los Principios del Ecuador aplicables y los Est\u00e1ndares de Desempe\u00f1o de la IFC. Estamos dise\u00f1ando y desarrollando nuestros proyectos para lograr menores emisiones a lo largo de su ciclo de vida en comparaci\u00f3n con instalaciones similares en todo el mundo.  <\/h1>\n<\/div><\/div><\/div><\/div><\/div><\/div><div class=\"x-row e412-e57 mbg-9 mbg-b mbg-c mbg-h mbg-i mbg-j mbg-q mbg-u\"><div class=\"x-row-inner\"><div class=\"x-col e412-e58 mbg-x mbg-14 mbg-15 mbg-1d\"><div class=\"x-div e412-e59 mbg-1f mbg-1g mbg-1n mbg-1o\"><div class=\"x-text x-content e412-e60 mbg-20 mbg-21 mbg-23 mbg-24 mbg-25 mbg-27 mbg-28\"><p style=\"font-weight: 400;\" class=\"translation-block\">Estamos utilizando tecnolog\u00edas de licuefacci\u00f3n y gasoductos m\u00e1s nuevas y eficientes. El gas natural que obtendremos de la Cuenca P\u00e9rmica en Estados Unidos tendr\u00e1 sustancialmente menos CO<sub>2<\/sub> que otras cuencas de suministro en el mundo. Adem\u00e1s, nuestra ubicaci\u00f3n estrat\u00e9gica en la costa oeste de Am\u00e9rica del Norte nos sit\u00faa mucho m\u00e1s cerca de los mercados asi\u00e1ticos, lo que reduce significativamente los requisitos de combustible y resulta en un 60% menos de emisiones relacionadas con el transporte mar\u00edtimo.<\/p>\n<p style=\"font-weight: 400;\" class=\"translation-block\">A lo largo de la vida \u00fatil de nuestra planta de GNL Saguaro Energ\u00eda, Mexico Pacific estima que reduciremos las emisiones en decenas de millones de toneladas m\u00e9tricas de CO<sub>2<\/sub> en comparaci\u00f3n con nuestros competidores de la Costa del Golfo de EE.UU. Esto es equivalente a las emisiones de casi 12 gigavatios hora de generaci\u00f3n a base de carb\u00f3n o de m\u00e1s de 22 millones de autom\u00f3viles de pasajeros cada a\u00f1o.<\/p><\/div><\/div><\/div><div class=\"x-col e412-e61 mbg-x mbg-y mbg-z mbg-10 mbg-19 mbg-1e\"><div class=\"x-bg\" aria-hidden=\"true\"><div class=\"x-bg-layer-upper-image\"><\/div><\/div><div class=\"x-div e412-e62 mbg-1f mbg-1g mbg-1i mbg-1l mbg-1m mbg-1n mbg-1r mbg-1s mbg-1v aqua1g-lb\"><\/div><div class=\"x-div e412-e63 mbg-1f mbg-1g mbg-1i mbg-1m mbg-1n mbg-1s mbg-1t\"><div class=\"x-text x-content e412-e64 mbg-23 mbg-25 mbg-26 mbg-27 mbg-2c\"><p>Photo credit: by Katya Barrantes<\/p><\/div><\/div><\/div><\/div><\/div><\/div><\/div>","protected":false},"excerpt":{"rendered":"<p>Corporate Responsibility We aim to make the communities in which we work and live, and the world, a better place. Sometimes this requires higher investment, and we\u2019re ok with that. It\u2019s about making the right decisions today to ensure a better tomorrow.Our commitment to operate in a manner that minimizes our impact drives us to ensure we deliver a positive &#8230;<\/p>","protected":false},"author":4,"featured_media":0,"parent":0,"menu_order":0,"comment_status":"closed","ping_status":"closed","template":"template-blank-4.php","meta":{"footnotes":""},"class_list":["post-412","page","type-page","status-publish","format-standard","hentry","no-post-thumbnail"],"featured_image_src":null,"featured_image_src_square":null,"_links":{"self":[{"href":"https:\/\/mexicopacific.com\/esp\/wp-json\/wp\/v2\/pages\/412","targetHints":{"allow":["GET"]}}],"collection":[{"href":"https:\/\/mexicopacific.com\/esp\/wp-json\/wp\/v2\/pages"}],"about":[{"href":"https:\/\/mexicopacific.com\/esp\/wp-json\/wp\/v2\/types\/page"}],"author":[{"embeddable":true,"href":"https:\/\/mexicopacific.com\/esp\/wp-json\/wp\/v2\/users\/4"}],"replies":[{"embeddable":true,"href":"https:\/\/mexicopacific.com\/esp\/wp-json\/wp\/v2\/comments?post=412"}],"version-history":[{"count":0,"href":"https:\/\/mexicopacific.com\/esp\/wp-json\/wp\/v2\/pages\/412\/revisions"}],"wp:attachment":[{"href":"https:\/\/mexicopacific.com\/esp\/wp-json\/wp\/v2\/media?parent=412"}],"curies":[{"name":"wp","href":"https:\/\/api.w.org\/{rel}","templated":true}]}}